{"id":251,"date":"2010-05-04T21:08:30","date_gmt":"2010-05-04T19:08:30","guid":{"rendered":"http:\/\/www.phusis.ch\/steve\/?page_id=251"},"modified":"2023-03-06T09:22:01","modified_gmt":"2023-03-06T08:22:01","slug":"biographie","status":"publish","type":"page","link":"http:\/\/www.phusis.ch\/vins\/biographie\/","title":{"rendered":"steve bettschen"},"content":{"rendered":"\t\t<div data-elementor-type=\"wp-page\" data-elementor-id=\"251\" class=\"elementor elementor-251\" data-elementor-post-type=\"page\">\n\t\t\t\t\t\t<section class=\"has_ma_el_bg_slider elementor-section elementor-top-section elementor-element elementor-element-7bd1fbe elementor-section-boxed elementor-section-height-default elementor-section-height-default jltma-glass-effect-no\" data-id=\"7bd1fbe\" data-element_type=\"section\">\n\t\t\t\t\t\t<div class=\"elementor-container elementor-column-gap-default\">\n\t\t\t\t\t<div class=\"has_ma_el_bg_slider elementor-column elementor-col-50 elementor-top-column elementor-element elementor-element-0f93c3f jltma-glass-effect-no\" data-id=\"0f93c3f\" data-element_type=\"column\">\n\t\t\t<div class=\"elementor-widget-wrap elementor-element-populated\">\n\t\t\t\t\t\t<div class=\"elementor-element elementor-element-9676f46 jltma-glass-effect-no elementor-widget elementor-widget-text-editor\" data-id=\"9676f46\" data-element_type=\"widget\" data-widget_type=\"text-editor.default\">\n\t\t\t\t<div class=\"elementor-widget-container\">\n\t\t\t\t\t\t\t<p>Grand amoureux de la nature, je suis n\u00e9 il y a un moment d\u00e9j\u00e0, en ville, \u00e0 Lausanne. J&#8217;ai eu la chance de grandir \u00e0 la campagne, o\u00f9 j&#8217;ai collectionn\u00e9 les pierres et me suis enthousiasm\u00e9 pour les oiseaux, les plantes, les arbres, les champignons, la p\u00eache. D\u00e8s que je pouvais, je m&#8217;\u00e9chappais pour me plonger dans le monde du vivant.<\/p><h4><strong>Prisonnier des sciences<\/strong><\/h4><p>Tr\u00e8s vite, j&#8217;ai eu l&#8217;id\u00e9e de devenir ing\u00e9nieur forestier. J&#8217;ai donc entam\u00e9 un cursus scientifique, avec un titre d\u2019ing\u00e9nieur-chimiste \u00e0 l\u2019Ecole Polytechnique F\u00e9d\u00e9rale de Lausanne (EPFL) \u00e0 la cl\u00e9. Pour me trouv\u00e9 confin\u00e9 dans le monde sec de la recherche, loin de mes aspirations naturelles, phusiques, pour ne pas dire alchimistes.<\/p><p>\u00a0<\/p>\t\t\t\t\t\t<\/div>\n\t\t\t\t<\/div>\n\t\t\t\t\t<\/div>\n\t\t<\/div>\n\t\t\t\t<div class=\"has_ma_el_bg_slider elementor-column elementor-col-50 elementor-top-column elementor-element elementor-element-5373ba4 jltma-glass-effect-no\" data-id=\"5373ba4\" data-element_type=\"column\">\n\t\t\t<div class=\"elementor-widget-wrap elementor-element-populated\">\n\t\t\t\t\t\t<div class=\"elementor-element elementor-element-5d84754 jltma-glass-effect-no elementor-widget elementor-widget-image\" data-id=\"5d84754\" data-element_type=\"widget\" data-widget_type=\"image.default\">\n\t\t\t\t<div class=\"elementor-widget-container\">\n\t\t\t\t\t\t\t\t\t\t\t\t\t<img fetchpriority=\"high\" decoding=\"async\" width=\"800\" height=\"534\" src=\"http:\/\/www.phusis.ch\/vins\/wp-content\/uploads\/2021\/08\/Bettschen-7-1024x683.jpg\" class=\"attachment-large size-large wp-image-5047\" alt=\"\" srcset=\"http:\/\/www.phusis.ch\/vins\/wp-content\/uploads\/2021\/08\/Bettschen-7-1024x683.jpg 1024w, http:\/\/www.phusis.ch\/vins\/wp-content\/uploads\/2021\/08\/Bettschen-7-300x200.jpg 300w, http:\/\/www.phusis.ch\/vins\/wp-content\/uploads\/2021\/08\/Bettschen-7-768x513.jpg 768w, http:\/\/www.phusis.ch\/vins\/wp-content\/uploads\/2021\/08\/Bettschen-7-1536x1025.jpg 1536w, http:\/\/www.phusis.ch\/vins\/wp-content\/uploads\/2021\/08\/Bettschen-7-2048x1367.jpg 2048w\" sizes=\"(max-width: 800px) 100vw, 800px\" \/>\t\t\t\t\t\t\t\t\t\t\t\t\t<\/div>\n\t\t\t\t<\/div>\n\t\t\t\t\t<\/div>\n\t\t<\/div>\n\t\t\t\t\t<\/div>\n\t\t<\/section>\n\t\t\t\t<section class=\"has_ma_el_bg_slider elementor-section elementor-top-section elementor-element elementor-element-6a1e6990 elementor-section-boxed elementor-section-height-default elementor-section-height-default jltma-glass-effect-no\" data-id=\"6a1e6990\" data-element_type=\"section\">\n\t\t\t\t\t\t<div class=\"elementor-container elementor-column-gap-default\">\n\t\t\t\t\t<div class=\"has_ma_el_bg_slider elementor-column elementor-col-100 elementor-top-column elementor-element elementor-element-5cef4a4d jltma-glass-effect-no\" data-id=\"5cef4a4d\" data-element_type=\"column\">\n\t\t\t<div class=\"elementor-widget-wrap elementor-element-populated\">\n\t\t\t\t\t\t<div class=\"elementor-element elementor-element-dd4fdff jltma-glass-effect-no elementor-widget elementor-widget-text-editor\" data-id=\"dd4fdff\" data-element_type=\"widget\" data-widget_type=\"text-editor.default\">\n\t\t\t\t<div class=\"elementor-widget-container\">\n\t\t\t\t\t\t\t<h4><strong>Ouverture au monde du vin<\/strong><\/h4><p>Mon travail de dipl\u00f4me, je l&#8217;ai fait \u00e0 la Station f\u00e9d\u00e9rale de recherches agroscope de Changins\/W\u00e4denswil, sur l\u2019analyse quantitative des st\u00e9rols et acides gras contenus dans les mo\u00fbts de raisin. Le hasard des rencontres m&#8217;a permis d\u2019effectuer, \u00e0 la sortie de mes \u00e9tudes, un stage de vinification chez l&#8217;excellent vigneron vaudois <a href=\"http:\/\/www.lacolombe.ch\/\">Raymond Paccot<\/a> (F\u00e9chy), qui m&#8217;a guid\u00e9 comme un p\u00e8re. Puis, j&#8217;ai commenc\u00e9 un stage de trois mois au <a href=\"http:\/\/www.cavesa.ch\">Club de Amateurs de Vins Exquis<\/a> (CAVE SA), o\u00f9 je suis rest\u00e9&#8230; 11 ans ! Longue et riche p\u00e9riode d\u2019apprentissage du vin : c\u00e9pages, r\u00e9gions, d\u00e9gustation, vente, etc. Emploi qui m&#8217;a permis de go\u00fbter pr\u00e8s de 30\u2019000 crus, des plus simples aux plus prestigieux. Et d&#8217;entrer au Grand Jury Europ\u00e9en.<\/p><h4><strong>En route vers l\u2019ind\u00e9pendance<\/strong><\/h4><p>Proche des vignerons, j&#8217;ai volontiers partag\u00e9 avec eux mes connaissances et ma sensibilit\u00e9 en mati\u00e8re de d\u00e9gustation. Tr\u00e8s vite, j&#8217;en suis venu \u00e0 en \u00e9pauler quelques-uns, notamment la r\u00e9f\u00e9rence nationale et internationale <a href=\"http:\/\/www.chappaz.ch\">Marie-Th\u00e9r\u00e8se Chappaz<\/a>, qui a t\u00f4t fait de devenir une grande amie.<\/p><p>Apr\u00e8s plus de 10 ans au <a href=\"http:\/\/www.cavesa.ch\/\" target=\"_blank\" rel=\"noopener\">CAVE SA<\/a>, je me suis mis \u00e0 souffrir de rester \u00e0 la surface des vins. Voil\u00e0 qu&#8217;un jour, en 2007, comme par enchantement, un ami d\u2019enfance me parle d\u2019une vigne d&#8217;Arvine \u00e0 vendre dans sa famille. Je vais la voir et&#8230; l&#8217;ach\u00e8te sans h\u00e9sitation. D&#8217;une part parce qu&#8217;elle r\u00e9unissait tous les param\u00e8tres n\u00e9cessaires \u00e0 la production d&#8217;un excellent vin, d&#8217;autre part parce que je savais que je pouvais compter sur l&#8217;aide pr\u00e9cieuse de Marie-Th\u00e9r\u00e8se Chappaz.<\/p><p>La vigne se trouve \u00e0 Sensine, vers Sion, sur la commune de Conthey, en Valais (SUI). C&#8217;est elle qui me plonge dans le monde de la production viticole. Deux ans plus tard, la parcelle se compl\u00e8te de deux petits parchets attenants.<\/p><p>Fin 2010, une autre grande opportunit\u00e9 se pr\u00e9sente, avec une superbe vigne de Pinot Noir en fin de bail au Clos du Mormont, \u00e0 la Sarraz, dans le canton de Vaud, o\u00f9 j&#8217;habite depuis\u2026 Ma cave se trouve \u00e9galement \u00e0 la Sarraz.<\/p><p>Quelque 15 ans et 180 cuv\u00e9es plus tard, j&#8217;ai le plaisir et la fiert\u00e9 d&#8217;\u00eatre \u00e0 la t\u00eate d&#8217;un mini-domaine r\u00e9put\u00e9 au niveau national et international.<\/p><p>Ma philosophie est simple : sur la base de mes connaissances scientifiques et de ma sensibilit\u00e9, je cherche \u00e0 sentir et accompagner les forces qui travaillent de fond en comble la nature. Toute l&#8217;ann\u00e9e durant, j&#8217;\u00e9paule mes vignes, mes raisins, leurs jus, mes cuves et f\u00fbts dans leur \u00e9volution. En biodynamicien, je suis un trait d\u2019union, un stimulateur de ce qui se passe. En phusicien, je suis un producteur de vins authentiques, plein de vie et de vibrations.<\/p><p>Sant\u00e9 \u00e0 vous tous !<\/p>\t\t\t\t\t\t<\/div>\n\t\t\t\t<\/div>\n\t\t\t\t\t<\/div>\n\t\t<\/div>\n\t\t\t\t\t<\/div>\n\t\t<\/section>\n\t\t\t\t<\/div>\n\t\t\n\t\t\t<div style=\"clear: both; float: none;\" class=\"ratepost-clear\"><\/div>\n\t\t\t<div id=\"ratepost-251\" class=\"ratepost\" rel=\"3\">\n\t\t\t\t\t<span class=\"rating3\"><div class=\"star1\" rel=\"1\"><\/div><div class=\"star2\" rel=\"2\"><\/div><div class=\"star3\" rel=\"3\"><\/div><div class=\"star4\" rel=\"4\"><\/div><div class=\"star5\" rel=\"5\"><\/div><\/span>\n\t\t\t\t<div class=\"status-info\"><\/div>\n\t\t<\/div><div style=\"clear: both; float: none;\" class=\"ratepost-clear\"><\/div>","protected":false},"excerpt":{"rendered":"<p>Grand amoureux de la nature, je suis n\u00e9 il y a un moment d\u00e9j\u00e0, en ville, \u00e0 Lausanne. J&#8217;ai eu la chance de grandir \u00e0 la campagne, o\u00f9 j&#8217;ai collectionn\u00e9 les pierres et me suis enthousiasm\u00e9 pour les oiseaux, les plantes, les arbres, les champignons, la p\u00eache. D\u00e8s que je pouvais, je m&#8217;\u00e9chappais pour me [&hellip;]<\/p>\n","protected":false},"author":4,"featured_media":5052,"parent":0,"menu_order":0,"comment_status":"closed","ping_status":"closed","template":"","meta":{"_monsterinsights_skip_tracking":false,"_monsterinsights_sitenote_active":false,"_monsterinsights_sitenote_note":"","_monsterinsights_sitenote_category":0,"footnotes":""},"yoast_head":"<!-- This site is optimized with the Yoast SEO plugin v22.8 - https:\/\/yoast.com\/wordpress\/plugins\/seo\/ -->\n<title>steve bettschen - PHUSIS<\/title>\n<meta name=\"robots\" content=\"index, follow, max-snippet:-1, max-image-preview:large, max-video-preview:-1\" \/>\n<link rel=\"canonical\" href=\"https:\/\/www.phusis.ch\/vins\/biographie\/\" \/>\n<meta property=\"og:locale\" content=\"fr_FR\" \/>\n<meta property=\"og:type\" content=\"article\" \/>\n<meta property=\"og:title\" content=\"steve bettschen - PHUSIS\" \/>\n<meta property=\"og:description\" content=\"Grand amoureux de la nature, je suis n\u00e9 il y a un moment d\u00e9j\u00e0, en ville, \u00e0 Lausanne. J&#8217;ai eu la chance de grandir \u00e0 la campagne, o\u00f9 j&#8217;ai collectionn\u00e9 les pierres et me suis enthousiasm\u00e9 pour les oiseaux, les plantes, les arbres, les champignons, la p\u00eache. D\u00e8s que je pouvais, je m&#8217;\u00e9chappais pour me [&hellip;]\" \/>\n<meta property=\"og:url\" content=\"https:\/\/www.phusis.ch\/vins\/biographie\/\" \/>\n<meta property=\"og:site_name\" content=\"PHUSIS\" \/>\n<meta property=\"article:modified_time\" content=\"2023-03-06T08:22:01+00:00\" \/>\n<meta property=\"og:image\" content=\"https:\/\/www.phusis.ch\/vins\/wp-content\/uploads\/2021\/08\/R0011070-scaled.jpg\" \/>\n\t<meta property=\"og:image:width\" content=\"2560\" \/>\n\t<meta property=\"og:image:height\" content=\"1920\" \/>\n\t<meta property=\"og:image:type\" content=\"image\/jpeg\" \/>\n<meta name=\"twitter:card\" content=\"summary_large_image\" \/>\n<meta name=\"twitter:label1\" content=\"Dur\u00e9e de lecture estim\u00e9e\" \/>\n\t<meta name=\"twitter:data1\" content=\"4 minutes\" \/>\n<script type=\"application\/ld+json\" class=\"yoast-schema-graph\">{\"@context\":\"https:\/\/schema.org\",\"@graph\":[{\"@type\":\"WebPage\",\"@id\":\"https:\/\/www.phusis.ch\/vins\/biographie\/\",\"url\":\"https:\/\/www.phusis.ch\/vins\/biographie\/\",\"name\":\"steve bettschen - PHUSIS\",\"isPartOf\":{\"@id\":\"http:\/\/www.phusis.ch\/vins\/#website\"},\"primaryImageOfPage\":{\"@id\":\"https:\/\/www.phusis.ch\/vins\/biographie\/#primaryimage\"},\"image\":{\"@id\":\"https:\/\/www.phusis.ch\/vins\/biographie\/#primaryimage\"},\"thumbnailUrl\":\"http:\/\/www.phusis.ch\/vins\/wp-content\/uploads\/2021\/08\/R0011070-scaled.jpg\",\"datePublished\":\"2010-05-04T19:08:30+00:00\",\"dateModified\":\"2023-03-06T08:22:01+00:00\",\"breadcrumb\":{\"@id\":\"https:\/\/www.phusis.ch\/vins\/biographie\/#breadcrumb\"},\"inLanguage\":\"fr-FR\",\"potentialAction\":[{\"@type\":\"ReadAction\",\"target\":[\"https:\/\/www.phusis.ch\/vins\/biographie\/\"]}]},{\"@type\":\"ImageObject\",\"inLanguage\":\"fr-FR\",\"@id\":\"https:\/\/www.phusis.ch\/vins\/biographie\/#primaryimage\",\"url\":\"http:\/\/www.phusis.ch\/vins\/wp-content\/uploads\/2021\/08\/R0011070-scaled.jpg\",\"contentUrl\":\"http:\/\/www.phusis.ch\/vins\/wp-content\/uploads\/2021\/08\/R0011070-scaled.jpg\",\"width\":2560,\"height\":1920,\"caption\":\"Exif_JPEG_PICTURE\"},{\"@type\":\"BreadcrumbList\",\"@id\":\"https:\/\/www.phusis.ch\/vins\/biographie\/#breadcrumb\",\"itemListElement\":[{\"@type\":\"ListItem\",\"position\":1,\"name\":\"Accueil\",\"item\":\"http:\/\/www.phusis.ch\/vins\/\"},{\"@type\":\"ListItem\",\"position\":2,\"name\":\"steve bettschen\"}]},{\"@type\":\"WebSite\",\"@id\":\"http:\/\/www.phusis.ch\/vins\/#website\",\"url\":\"http:\/\/www.phusis.ch\/vins\/\",\"name\":\"PHUSIS\",\"description\":\"Phusis | Une exp\u00e9rience du vin\",\"publisher\":{\"@id\":\"http:\/\/www.phusis.ch\/vins\/#organization\"},\"potentialAction\":[{\"@type\":\"SearchAction\",\"target\":{\"@type\":\"EntryPoint\",\"urlTemplate\":\"http:\/\/www.phusis.ch\/vins\/?s={search_term_string}\"},\"query-input\":\"required name=search_term_string\"}],\"inLanguage\":\"fr-FR\"},{\"@type\":\"Organization\",\"@id\":\"http:\/\/www.phusis.ch\/vins\/#organization\",\"name\":\"PHUSIS\",\"url\":\"http:\/\/www.phusis.ch\/vins\/\",\"logo\":{\"@type\":\"ImageObject\",\"inLanguage\":\"fr-FR\",\"@id\":\"http:\/\/www.phusis.ch\/vins\/#\/schema\/logo\/image\/\",\"url\":\"http:\/\/www.phusis.ch\/vins\/wp-content\/uploads\/2021\/06\/Oiseau-PHUSIS-Transparent-1024x1024-1.png\",\"contentUrl\":\"http:\/\/www.phusis.ch\/vins\/wp-content\/uploads\/2021\/06\/Oiseau-PHUSIS-Transparent-1024x1024-1.png\",\"width\":1024,\"height\":1024,\"caption\":\"PHUSIS\"},\"image\":{\"@id\":\"http:\/\/www.phusis.ch\/vins\/#\/schema\/logo\/image\/\"}}]}<\/script>\n<!-- \/ Yoast SEO plugin. -->","yoast_head_json":{"title":"steve bettschen - PHUSIS","robots":{"index":"index","follow":"follow","max-snippet":"max-snippet:-1","max-image-preview":"max-image-preview:large","max-video-preview":"max-video-preview:-1"},"canonical":"https:\/\/www.phusis.ch\/vins\/biographie\/","og_locale":"fr_FR","og_type":"article","og_title":"steve bettschen - PHUSIS","og_description":"Grand amoureux de la nature, je suis n\u00e9 il y a un moment d\u00e9j\u00e0, en ville, \u00e0 Lausanne. J&#8217;ai eu la chance de grandir \u00e0 la campagne, o\u00f9 j&#8217;ai collectionn\u00e9 les pierres et me suis enthousiasm\u00e9 pour les oiseaux, les plantes, les arbres, les champignons, la p\u00eache. D\u00e8s que je pouvais, je m&#8217;\u00e9chappais pour me [&hellip;]","og_url":"https:\/\/www.phusis.ch\/vins\/biographie\/","og_site_name":"PHUSIS","article_modified_time":"2023-03-06T08:22:01+00:00","og_image":[{"width":2560,"height":1920,"url":"https:\/\/www.phusis.ch\/vins\/wp-content\/uploads\/2021\/08\/R0011070-scaled.jpg","type":"image\/jpeg"}],"twitter_card":"summary_large_image","twitter_misc":{"Dur\u00e9e de lecture estim\u00e9e":"4 minutes"},"schema":{"@context":"https:\/\/schema.org","@graph":[{"@type":"WebPage","@id":"https:\/\/www.phusis.ch\/vins\/biographie\/","url":"https:\/\/www.phusis.ch\/vins\/biographie\/","name":"steve bettschen - PHUSIS","isPartOf":{"@id":"http:\/\/www.phusis.ch\/vins\/#website"},"primaryImageOfPage":{"@id":"https:\/\/www.phusis.ch\/vins\/biographie\/#primaryimage"},"image":{"@id":"https:\/\/www.phusis.ch\/vins\/biographie\/#primaryimage"},"thumbnailUrl":"http:\/\/www.phusis.ch\/vins\/wp-content\/uploads\/2021\/08\/R0011070-scaled.jpg","datePublished":"2010-05-04T19:08:30+00:00","dateModified":"2023-03-06T08:22:01+00:00","breadcrumb":{"@id":"https:\/\/www.phusis.ch\/vins\/biographie\/#breadcrumb"},"inLanguage":"fr-FR","potentialAction":[{"@type":"ReadAction","target":["https:\/\/www.phusis.ch\/vins\/biographie\/"]}]},{"@type":"ImageObject","inLanguage":"fr-FR","@id":"https:\/\/www.phusis.ch\/vins\/biographie\/#primaryimage","url":"http:\/\/www.phusis.ch\/vins\/wp-content\/uploads\/2021\/08\/R0011070-scaled.jpg","contentUrl":"http:\/\/www.phusis.ch\/vins\/wp-content\/uploads\/2021\/08\/R0011070-scaled.jpg","width":2560,"height":1920,"caption":"Exif_JPEG_PICTURE"},{"@type":"BreadcrumbList","@id":"https:\/\/www.phusis.ch\/vins\/biographie\/#breadcrumb","itemListElement":[{"@type":"ListItem","position":1,"name":"Accueil","item":"http:\/\/www.phusis.ch\/vins\/"},{"@type":"ListItem","position":2,"name":"steve bettschen"}]},{"@type":"WebSite","@id":"http:\/\/www.phusis.ch\/vins\/#website","url":"http:\/\/www.phusis.ch\/vins\/","name":"PHUSIS","description":"Phusis | Une exp\u00e9rience du vin","publisher":{"@id":"http:\/\/www.phusis.ch\/vins\/#organization"},"potentialAction":[{"@type":"SearchAction","target":{"@type":"EntryPoint","urlTemplate":"http:\/\/www.phusis.ch\/vins\/?s={search_term_string}"},"query-input":"required name=search_term_string"}],"inLanguage":"fr-FR"},{"@type":"Organization","@id":"http:\/\/www.phusis.ch\/vins\/#organization","name":"PHUSIS","url":"http:\/\/www.phusis.ch\/vins\/","logo":{"@type":"ImageObject","inLanguage":"fr-FR","@id":"http:\/\/www.phusis.ch\/vins\/#\/schema\/logo\/image\/","url":"http:\/\/www.phusis.ch\/vins\/wp-content\/uploads\/2021\/06\/Oiseau-PHUSIS-Transparent-1024x1024-1.png","contentUrl":"http:\/\/www.phusis.ch\/vins\/wp-content\/uploads\/2021\/06\/Oiseau-PHUSIS-Transparent-1024x1024-1.png","width":1024,"height":1024,"caption":"PHUSIS"},"image":{"@id":"http:\/\/www.phusis.ch\/vins\/#\/schema\/logo\/image\/"}}]}},"_links":{"self":[{"href":"http:\/\/www.phusis.ch\/vins\/wp-json\/wp\/v2\/pages\/251"}],"collection":[{"href":"http:\/\/www.phusis.ch\/vins\/wp-json\/wp\/v2\/pages"}],"about":[{"href":"http:\/\/www.phusis.ch\/vins\/wp-json\/wp\/v2\/types\/page"}],"author":[{"embeddable":true,"href":"http:\/\/www.phusis.ch\/vins\/wp-json\/wp\/v2\/users\/4"}],"replies":[{"embeddable":true,"href":"http:\/\/www.phusis.ch\/vins\/wp-json\/wp\/v2\/comments?post=251"}],"version-history":[{"count":58,"href":"http:\/\/www.phusis.ch\/vins\/wp-json\/wp\/v2\/pages\/251\/revisions"}],"predecessor-version":[{"id":11376,"href":"http:\/\/www.phusis.ch\/vins\/wp-json\/wp\/v2\/pages\/251\/revisions\/11376"}],"wp:featuredmedia":[{"embeddable":true,"href":"http:\/\/www.phusis.ch\/vins\/wp-json\/wp\/v2\/media\/5052"}],"wp:attachment":[{"href":"http:\/\/www.phusis.ch\/vins\/wp-json\/wp\/v2\/media?parent=251"}],"curies":[{"name":"wp","href":"https:\/\/api.w.org\/{rel}","templated":true}]}}