{"id":4535,"date":"2014-12-09T16:46:20","date_gmt":"2014-12-09T15:46:20","guid":{"rendered":"http:\/\/phusis.ch\/phusis\/?page_id=451"},"modified":"2023-03-06T09:22:26","modified_gmt":"2023-03-06T08:22:26","slug":"le-terme-phusis","status":"publish","type":"page","link":"https:\/\/www.phusis.ch\/vins\/phusis-nom\/le-terme-phusis\/","title":{"rendered":"le mot \u00ab phusis \u00bb"},"content":{"rendered":"\t\t<div data-elementor-type=\"wp-page\" data-elementor-id=\"4535\" class=\"elementor elementor-4535\" data-elementor-post-type=\"page\">\n\t\t\t\t\t\t<section class=\"has_ma_el_bg_slider elementor-section elementor-top-section elementor-element elementor-element-a0a54fe elementor-section-boxed elementor-section-height-default elementor-section-height-default jltma-glass-effect-no\" data-id=\"a0a54fe\" data-element_type=\"section\">\n\t\t\t\t\t\t<div class=\"elementor-container elementor-column-gap-default\">\n\t\t\t\t\t<div class=\"has_ma_el_bg_slider elementor-column elementor-col-66 elementor-top-column elementor-element elementor-element-7725906 jltma-glass-effect-no\" data-id=\"7725906\" data-element_type=\"column\">\n\t\t\t<div class=\"elementor-widget-wrap elementor-element-populated\">\n\t\t\t\t\t\t<div class=\"elementor-element elementor-element-a99e3b0 jltma-glass-effect-no elementor-widget elementor-widget-text-editor\" data-id=\"a99e3b0\" data-element_type=\"widget\" data-widget_type=\"text-editor.default\">\n\t\t\t\t<div class=\"elementor-widget-container\">\n\t\t\t\t\t\t\t<p>\u00ab <em>Phusis<\/em> \u00bb est un mot g\u00e9n\u00e9rique, employ\u00e9 par les anciens Grecs pour exprimer ce que nous appelons aujourd\u2019hui \u00ab vie \u00bb, \u00ab nature \u00bb, \u00ab monde \u00bb, \u00ab v\u00e9rit\u00e9 \u00bb ou encore \u00ab r\u00e9alit\u00e9 \u00bb.<\/p><p>Mais attention : ils n\u2019y entendent pas seulement sa partie visible, compr\u00e9hensible, rationnelle, mais aussi son c\u00f4t\u00e9 cach\u00e9, obscur, myst\u00e9rieux. Contrairement \u00e0 notre vision objectiviste du monde, qui ne s\u2019int\u00e9resse qu\u2019\u00e0 ce qui se voit, se touche, se mesure, la <em>phusis<\/em> signifie aussi ce qui se cache, qui rend finalement possible ce qui appara\u00eet \u00e0 la surface.<\/p><h5><strong>Loin de notre conception de la nature<\/strong><\/h5><p>Le mot grec \u00ab <em>phusis<\/em> \u00bb a \u00e9t\u00e9 traduit par les Romains par <em>natura<\/em>, dont d\u00e9coule notre concept de <em>nature<\/em>. La <em>phusis<\/em> n\u2019exprime toutefois pas la <em>nature<\/em> telle que nous l\u2019entendons aujourd\u2019hui, oppos\u00e9es \u00e0 la culture, \u00e0 l&#8217;art, \u00e0 l\u2019histoire, \u00e0 la technique, etc. Apparent\u00e9e au verbe <em>nasci<\/em>, qui veut dire <em>na\u00eetre<\/em>, la<em> nature<\/em> signifie <em>les choses qui sont n\u00e9es<\/em>, les choses qu\u2019on peut observer parce qu\u2019elles sont, un beau jour, sorties du n\u00e9ant, qu&#8217;elle vont, t\u00f4t ou tard, inexorablement rejoindre.<\/p>\t\t\t\t\t\t<\/div>\n\t\t\t\t<\/div>\n\t\t\t\t\t<\/div>\n\t\t<\/div>\n\t\t\t\t<div class=\"has_ma_el_bg_slider elementor-column elementor-col-33 elementor-top-column elementor-element elementor-element-ba92a6d jltma-glass-effect-no\" data-id=\"ba92a6d\" data-element_type=\"column\">\n\t\t\t<div class=\"elementor-widget-wrap elementor-element-populated\">\n\t\t\t\t\t\t<div class=\"elementor-element elementor-element-7aaa3f6 jltma-glass-effect-no elementor-widget elementor-widget-image\" data-id=\"7aaa3f6\" data-element_type=\"widget\" data-widget_type=\"image.default\">\n\t\t\t\t<div class=\"elementor-widget-container\">\n\t\t\t\t\t\t\t\t\t\t\t\t\t<img fetchpriority=\"high\" decoding=\"async\" width=\"300\" height=\"225\" src=\"https:\/\/www.phusis.ch\/vins\/wp-content\/uploads\/2021\/06\/Glace-300x225-1.jpg\" class=\"attachment-large size-large wp-image-4582\" alt=\"\" \/>\t\t\t\t\t\t\t\t\t\t\t\t\t<\/div>\n\t\t\t\t<\/div>\n\t\t\t\t\t<\/div>\n\t\t<\/div>\n\t\t\t\t\t<\/div>\n\t\t<\/section>\n\t\t\t\t<section class=\"has_ma_el_bg_slider elementor-section elementor-top-section elementor-element elementor-element-1856688c elementor-section-boxed elementor-section-height-default elementor-section-height-default jltma-glass-effect-no\" data-id=\"1856688c\" data-element_type=\"section\">\n\t\t\t\t\t\t<div class=\"elementor-container elementor-column-gap-default\">\n\t\t\t\t\t<div class=\"has_ma_el_bg_slider elementor-column elementor-col-100 elementor-top-column elementor-element elementor-element-194fb7cb jltma-glass-effect-no\" data-id=\"194fb7cb\" data-element_type=\"column\">\n\t\t\t<div class=\"elementor-widget-wrap elementor-element-populated\">\n\t\t\t\t\t\t<div class=\"elementor-element elementor-element-47a2324 jltma-glass-effect-no elementor-widget elementor-widget-text-editor\" data-id=\"47a2324\" data-element_type=\"widget\" data-widget_type=\"text-editor.default\">\n\t\t\t\t<div class=\"elementor-widget-container\">\n\t\t\t\t\t\t\t<h5><strong>Jeu r\u00e9ciproque<\/strong><\/h5><p>Li\u00e9 au verbe <em>phuein<\/em>, qui signifie <em>appara\u00eetre \u00e0 la surface \u00e0 partir des profondeurs cach\u00e9es<\/em>, <em>phusis<\/em> exprime plus largement et profond\u00e9ment l\u2019ensemble des choses visibles et invisibles en leur double mouvement interd\u00e9pendant, en leur jeu r\u00e9ciproque : va-et-vient cyclique et simultan\u00e9 d\u2019\u00e9closions productrices \u00e0 partir des profondeurs cach\u00e9es et, en m\u00eame temps, de retraits destructeurs dans les sombres ressources de celles-ci.<\/p><h5><strong>Expression des forces surpuissantes<\/strong><\/h5><p>Loin du rapport ext\u00e9rieur (sujet-objet) couramment entretenu au monde, le phusicien reconna\u00eet dans tout ph\u00e9nom\u00e8ne un morceau de <em>phusis<\/em>, expression des forces surpuissantes de la vie \u2013 depuis la nuit des temps stabilis\u00e9es, canalis\u00e9es, refoul\u00e9es par l\u2019homme occidental.<\/p><p>L\u2019enjeu est de les red\u00e9couvrir, lib\u00e9rer et accompagner partout o\u00f9 c&#8217;est possible en leur grande sant\u00e9. Pour permettre \u00e0 la vie de se produire et danser \u00e0 sa guise, en-de\u00e7\u00e0 et par-del\u00e0 le d\u00e9sert nihiliste dans lequel nous vivons.<\/p>\t\t\t\t\t\t<\/div>\n\t\t\t\t<\/div>\n\t\t\t\t\t<\/div>\n\t\t<\/div>\n\t\t\t\t\t<\/div>\n\t\t<\/section>\n\t\t\t\t<\/div>\n\t\t\n\t\t\t<div style=\"clear: both; float: none;\" class=\"ratepost-clear\"><\/div>\n\t\t\t<div id=\"ratepost-4535\" class=\"ratepost\" rel=\"3\">\n\t\t\t\t\t<span class=\"rating3\"><div class=\"star1\" rel=\"1\"><\/div><div class=\"star2\" rel=\"2\"><\/div><div class=\"star3\" rel=\"3\"><\/div><div class=\"star4\" rel=\"4\"><\/div><div class=\"star5\" rel=\"5\"><\/div><\/span>\n\t\t\t\t<div class=\"status-info\"><\/div>\n\t\t<\/div><div style=\"clear: both; float: none;\" class=\"ratepost-clear\"><\/div>","protected":false},"excerpt":{"rendered":"<p>\u00ab Phusis \u00bb est un mot g\u00e9n\u00e9rique, employ\u00e9 par les anciens Grecs pour exprimer ce que nous appelons aujourd\u2019hui \u00ab vie \u00bb, \u00ab nature \u00bb, \u00ab monde \u00bb, \u00ab v\u00e9rit\u00e9 \u00bb ou encore \u00ab r\u00e9alit\u00e9 \u00bb. Mais attention : ils n\u2019y entendent pas seulement sa partie visible, compr\u00e9hensible, rationnelle, mais aussi son c\u00f4t\u00e9 cach\u00e9, obscur, [&hellip;]<\/p>\n","protected":false},"author":7,"featured_media":4582,"parent":4521,"menu_order":0,"comment_status":"open","ping_status":"closed","template":"","meta":{"_monsterinsights_skip_tracking":false,"_monsterinsights_sitenote_active":false,"_monsterinsights_sitenote_note":"","_monsterinsights_sitenote_category":0,"footnotes":""},"yoast_head":"<!-- This site is optimized with the Yoast SEO plugin v22.8 - https:\/\/yoast.com\/wordpress\/plugins\/seo\/ -->\n<title>le mot \u00ab phusis \u00bb - PHUSIS<\/title>\n<meta name=\"robots\" content=\"index, follow, max-snippet:-1, max-image-preview:large, max-video-preview:-1\" \/>\n<link rel=\"canonical\" href=\"https:\/\/www.phusis.ch\/vins\/phusis-nom\/le-terme-phusis\/\" \/>\n<meta property=\"og:locale\" content=\"fr_FR\" \/>\n<meta property=\"og:type\" content=\"article\" \/>\n<meta property=\"og:title\" content=\"le mot \u00ab phusis \u00bb - PHUSIS\" \/>\n<meta property=\"og:description\" content=\"\u00ab Phusis \u00bb est un mot g\u00e9n\u00e9rique, employ\u00e9 par les anciens Grecs pour exprimer ce que nous appelons aujourd\u2019hui \u00ab vie \u00bb, \u00ab nature \u00bb, \u00ab monde \u00bb, \u00ab v\u00e9rit\u00e9 \u00bb ou encore \u00ab r\u00e9alit\u00e9 \u00bb. Mais attention : ils n\u2019y entendent pas seulement sa partie visible, compr\u00e9hensible, rationnelle, mais aussi son c\u00f4t\u00e9 cach\u00e9, obscur, [&hellip;]\" \/>\n<meta property=\"og:url\" content=\"https:\/\/www.phusis.ch\/vins\/phusis-nom\/le-terme-phusis\/\" \/>\n<meta property=\"og:site_name\" content=\"PHUSIS\" \/>\n<meta property=\"article:modified_time\" content=\"2023-03-06T08:22:26+00:00\" \/>\n<meta property=\"og:image\" content=\"https:\/\/www.phusis.ch\/vins\/wp-content\/uploads\/2021\/06\/Glace-300x225-1.jpg\" \/>\n\t<meta property=\"og:image:width\" content=\"300\" \/>\n\t<meta property=\"og:image:height\" content=\"225\" \/>\n\t<meta property=\"og:image:type\" content=\"image\/jpeg\" \/>\n<meta name=\"twitter:card\" content=\"summary_large_image\" \/>\n<meta name=\"twitter:label1\" content=\"Dur\u00e9e de lecture estim\u00e9e\" \/>\n\t<meta name=\"twitter:data1\" content=\"2 minutes\" \/>\n<script type=\"application\/ld+json\" class=\"yoast-schema-graph\">{\"@context\":\"https:\/\/schema.org\",\"@graph\":[{\"@type\":\"WebPage\",\"@id\":\"https:\/\/www.phusis.ch\/vins\/phusis-nom\/le-terme-phusis\/\",\"url\":\"https:\/\/www.phusis.ch\/vins\/phusis-nom\/le-terme-phusis\/\",\"name\":\"le mot \u00ab phusis \u00bb - PHUSIS\",\"isPartOf\":{\"@id\":\"http:\/\/www.phusis.ch\/vins\/#website\"},\"primaryImageOfPage\":{\"@id\":\"https:\/\/www.phusis.ch\/vins\/phusis-nom\/le-terme-phusis\/#primaryimage\"},\"image\":{\"@id\":\"https:\/\/www.phusis.ch\/vins\/phusis-nom\/le-terme-phusis\/#primaryimage\"},\"thumbnailUrl\":\"https:\/\/www.phusis.ch\/vins\/wp-content\/uploads\/2021\/06\/Glace-300x225-1.jpg\",\"datePublished\":\"2014-12-09T15:46:20+00:00\",\"dateModified\":\"2023-03-06T08:22:26+00:00\",\"breadcrumb\":{\"@id\":\"https:\/\/www.phusis.ch\/vins\/phusis-nom\/le-terme-phusis\/#breadcrumb\"},\"inLanguage\":\"fr-FR\",\"potentialAction\":[{\"@type\":\"ReadAction\",\"target\":[\"https:\/\/www.phusis.ch\/vins\/phusis-nom\/le-terme-phusis\/\"]}]},{\"@type\":\"ImageObject\",\"inLanguage\":\"fr-FR\",\"@id\":\"https:\/\/www.phusis.ch\/vins\/phusis-nom\/le-terme-phusis\/#primaryimage\",\"url\":\"https:\/\/www.phusis.ch\/vins\/wp-content\/uploads\/2021\/06\/Glace-300x225-1.jpg\",\"contentUrl\":\"https:\/\/www.phusis.ch\/vins\/wp-content\/uploads\/2021\/06\/Glace-300x225-1.jpg\",\"width\":300,\"height\":225},{\"@type\":\"BreadcrumbList\",\"@id\":\"https:\/\/www.phusis.ch\/vins\/phusis-nom\/le-terme-phusis\/#breadcrumb\",\"itemListElement\":[{\"@type\":\"ListItem\",\"position\":1,\"name\":\"Accueil\",\"item\":\"http:\/\/www.phusis.ch\/vins\/\"},{\"@type\":\"ListItem\",\"position\":2,\"name\":\"phusis\",\"item\":\"https:\/\/www.phusis.ch\/vins\/phusis-nom\/\"},{\"@type\":\"ListItem\",\"position\":3,\"name\":\"le mot \u00ab phusis \u00bb\"}]},{\"@type\":\"WebSite\",\"@id\":\"http:\/\/www.phusis.ch\/vins\/#website\",\"url\":\"http:\/\/www.phusis.ch\/vins\/\",\"name\":\"PHUSIS\",\"description\":\"Phusis | Une exp\u00e9rience du vin\",\"publisher\":{\"@id\":\"http:\/\/www.phusis.ch\/vins\/#organization\"},\"potentialAction\":[{\"@type\":\"SearchAction\",\"target\":{\"@type\":\"EntryPoint\",\"urlTemplate\":\"http:\/\/www.phusis.ch\/vins\/?s={search_term_string}\"},\"query-input\":\"required name=search_term_string\"}],\"inLanguage\":\"fr-FR\"},{\"@type\":\"Organization\",\"@id\":\"http:\/\/www.phusis.ch\/vins\/#organization\",\"name\":\"PHUSIS\",\"url\":\"http:\/\/www.phusis.ch\/vins\/\",\"logo\":{\"@type\":\"ImageObject\",\"inLanguage\":\"fr-FR\",\"@id\":\"http:\/\/www.phusis.ch\/vins\/#\/schema\/logo\/image\/\",\"url\":\"https:\/\/www.phusis.ch\/vins\/wp-content\/uploads\/2021\/06\/Oiseau-PHUSIS-Transparent-1024x1024-1.png\",\"contentUrl\":\"https:\/\/www.phusis.ch\/vins\/wp-content\/uploads\/2021\/06\/Oiseau-PHUSIS-Transparent-1024x1024-1.png\",\"width\":1024,\"height\":1024,\"caption\":\"PHUSIS\"},\"image\":{\"@id\":\"http:\/\/www.phusis.ch\/vins\/#\/schema\/logo\/image\/\"}}]}<\/script>\n<!-- \/ Yoast SEO plugin. -->","yoast_head_json":{"title":"le mot \u00ab phusis \u00bb - PHUSIS","robots":{"index":"index","follow":"follow","max-snippet":"max-snippet:-1","max-image-preview":"max-image-preview:large","max-video-preview":"max-video-preview:-1"},"canonical":"https:\/\/www.phusis.ch\/vins\/phusis-nom\/le-terme-phusis\/","og_locale":"fr_FR","og_type":"article","og_title":"le mot \u00ab phusis \u00bb - PHUSIS","og_description":"\u00ab Phusis \u00bb est un mot g\u00e9n\u00e9rique, employ\u00e9 par les anciens Grecs pour exprimer ce que nous appelons aujourd\u2019hui \u00ab vie \u00bb, \u00ab nature \u00bb, \u00ab monde \u00bb, \u00ab v\u00e9rit\u00e9 \u00bb ou encore \u00ab r\u00e9alit\u00e9 \u00bb. Mais attention : ils n\u2019y entendent pas seulement sa partie visible, compr\u00e9hensible, rationnelle, mais aussi son c\u00f4t\u00e9 cach\u00e9, obscur, [&hellip;]","og_url":"https:\/\/www.phusis.ch\/vins\/phusis-nom\/le-terme-phusis\/","og_site_name":"PHUSIS","article_modified_time":"2023-03-06T08:22:26+00:00","og_image":[{"width":300,"height":225,"url":"https:\/\/www.phusis.ch\/vins\/wp-content\/uploads\/2021\/06\/Glace-300x225-1.jpg","type":"image\/jpeg"}],"twitter_card":"summary_large_image","twitter_misc":{"Dur\u00e9e de lecture estim\u00e9e":"2 minutes"},"schema":{"@context":"https:\/\/schema.org","@graph":[{"@type":"WebPage","@id":"https:\/\/www.phusis.ch\/vins\/phusis-nom\/le-terme-phusis\/","url":"https:\/\/www.phusis.ch\/vins\/phusis-nom\/le-terme-phusis\/","name":"le mot \u00ab phusis \u00bb - PHUSIS","isPartOf":{"@id":"http:\/\/www.phusis.ch\/vins\/#website"},"primaryImageOfPage":{"@id":"https:\/\/www.phusis.ch\/vins\/phusis-nom\/le-terme-phusis\/#primaryimage"},"image":{"@id":"https:\/\/www.phusis.ch\/vins\/phusis-nom\/le-terme-phusis\/#primaryimage"},"thumbnailUrl":"https:\/\/www.phusis.ch\/vins\/wp-content\/uploads\/2021\/06\/Glace-300x225-1.jpg","datePublished":"2014-12-09T15:46:20+00:00","dateModified":"2023-03-06T08:22:26+00:00","breadcrumb":{"@id":"https:\/\/www.phusis.ch\/vins\/phusis-nom\/le-terme-phusis\/#breadcrumb"},"inLanguage":"fr-FR","potentialAction":[{"@type":"ReadAction","target":["https:\/\/www.phusis.ch\/vins\/phusis-nom\/le-terme-phusis\/"]}]},{"@type":"ImageObject","inLanguage":"fr-FR","@id":"https:\/\/www.phusis.ch\/vins\/phusis-nom\/le-terme-phusis\/#primaryimage","url":"https:\/\/www.phusis.ch\/vins\/wp-content\/uploads\/2021\/06\/Glace-300x225-1.jpg","contentUrl":"https:\/\/www.phusis.ch\/vins\/wp-content\/uploads\/2021\/06\/Glace-300x225-1.jpg","width":300,"height":225},{"@type":"BreadcrumbList","@id":"https:\/\/www.phusis.ch\/vins\/phusis-nom\/le-terme-phusis\/#breadcrumb","itemListElement":[{"@type":"ListItem","position":1,"name":"Accueil","item":"http:\/\/www.phusis.ch\/vins\/"},{"@type":"ListItem","position":2,"name":"phusis","item":"https:\/\/www.phusis.ch\/vins\/phusis-nom\/"},{"@type":"ListItem","position":3,"name":"le mot \u00ab phusis \u00bb"}]},{"@type":"WebSite","@id":"http:\/\/www.phusis.ch\/vins\/#website","url":"http:\/\/www.phusis.ch\/vins\/","name":"PHUSIS","description":"Phusis | Une exp\u00e9rience du vin","publisher":{"@id":"http:\/\/www.phusis.ch\/vins\/#organization"},"potentialAction":[{"@type":"SearchAction","target":{"@type":"EntryPoint","urlTemplate":"http:\/\/www.phusis.ch\/vins\/?s={search_term_string}"},"query-input":"required name=search_term_string"}],"inLanguage":"fr-FR"},{"@type":"Organization","@id":"http:\/\/www.phusis.ch\/vins\/#organization","name":"PHUSIS","url":"http:\/\/www.phusis.ch\/vins\/","logo":{"@type":"ImageObject","inLanguage":"fr-FR","@id":"http:\/\/www.phusis.ch\/vins\/#\/schema\/logo\/image\/","url":"https:\/\/www.phusis.ch\/vins\/wp-content\/uploads\/2021\/06\/Oiseau-PHUSIS-Transparent-1024x1024-1.png","contentUrl":"https:\/\/www.phusis.ch\/vins\/wp-content\/uploads\/2021\/06\/Oiseau-PHUSIS-Transparent-1024x1024-1.png","width":1024,"height":1024,"caption":"PHUSIS"},"image":{"@id":"http:\/\/www.phusis.ch\/vins\/#\/schema\/logo\/image\/"}}]}},"_links":{"self":[{"href":"https:\/\/www.phusis.ch\/vins\/wp-json\/wp\/v2\/pages\/4535"}],"collection":[{"href":"https:\/\/www.phusis.ch\/vins\/wp-json\/wp\/v2\/pages"}],"about":[{"href":"https:\/\/www.phusis.ch\/vins\/wp-json\/wp\/v2\/types\/page"}],"author":[{"embeddable":true,"href":"https:\/\/www.phusis.ch\/vins\/wp-json\/wp\/v2\/users\/7"}],"replies":[{"embeddable":true,"href":"https:\/\/www.phusis.ch\/vins\/wp-json\/wp\/v2\/comments?post=4535"}],"version-history":[{"count":22,"href":"https:\/\/www.phusis.ch\/vins\/wp-json\/wp\/v2\/pages\/4535\/revisions"}],"predecessor-version":[{"id":11379,"href":"https:\/\/www.phusis.ch\/vins\/wp-json\/wp\/v2\/pages\/4535\/revisions\/11379"}],"up":[{"embeddable":true,"href":"https:\/\/www.phusis.ch\/vins\/wp-json\/wp\/v2\/pages\/4521"}],"wp:featuredmedia":[{"embeddable":true,"href":"https:\/\/www.phusis.ch\/vins\/wp-json\/wp\/v2\/media\/4582"}],"wp:attachment":[{"href":"https:\/\/www.phusis.ch\/vins\/wp-json\/wp\/v2\/media?parent=4535"}],"curies":[{"name":"wp","href":"https:\/\/api.w.org\/{rel}","templated":true}]}}